{"id":943,"date":"2014-05-29T13:55:25","date_gmt":"2014-05-29T13:55:25","guid":{"rendered":"https:\/\/bestherapie.com\/?page_id=943"},"modified":"2021-10-08T22:59:12","modified_gmt":"2021-10-08T20:59:12","slug":"3-ados-parents-le-harcelement-a-lecole-vs-le-cyber-harcelement","status":"publish","type":"page","link":"https:\/\/bestherapie.com\/en\/3-ados-parents-le-harcelement-a-lecole-vs-le-cyber-harcelement\/","title":{"rendered":"Parents & teens: Bullying at school versus cyber-bullying"},"content":{"rendered":"<p><strong><img loading=\"lazy\" decoding=\"async\" class=\"alignleft size-medium wp-image-946\" src=\"https:\/\/bestherapie.com\/wp-content\/uploads\/2014\/05\/cyber-teen-2-300x258.jpg\" alt=\"cyber teen 2\" width=\"300\" height=\"258\" srcset=\"https:\/\/bestherapie.com\/wp-content\/uploads\/2014\/05\/cyber-teen-2-300x258.jpg 300w, https:\/\/bestherapie.com\/wp-content\/uploads\/2014\/05\/cyber-teen-2.jpg 372w\" sizes=\"(max-width: 300px) 100vw, 300px\" \/><\/strong><\/p>\n<p><strong>Dates:<\/strong>\u00a0pour conna\u00eetre les dates de cette conf\u00e9rence, merci de consulter cette\u00a0<a href=\"http:\/\/bestherapie.com\/ateliers-groupe-de-soutien\/\">page<\/a>.<\/p>\n<p><strong>Dur\u00e9e\u00a0: 1h.15 \u2013 1h.30\u00a0 \u00a0 \u00a0 \u00a0<\/strong><\/p>\n<p><strong>Prix\u00a0:\u00a025 euros\u00a0\/participant<\/strong><\/p>\n<p><strong>Public concern\u00e9:\u00a0<\/strong>parents des ados, adultes, enseignants, personnes qui travaillent (m\u00eame b\u00e9n\u00e9volement) avec les ados et qui rencontrent ces probl\u00e8mes, ados, familles recompos\u00e9es etc.<\/p>\n<p><strong>Outils et m\u00e9thodes\u00a0:<\/strong><\/p>\n<p>\u2013\u00a0\u00a0\u00a0\u00a0\u00a0\u00a0\u00a0\u00a0\u00a0 Pr\u00e9sentation power point\u00a0;<br \/>\n\u2013\u00a0\u00a0\u00a0\u00a0\u00a0\u00a0\u00a0\u00a0\u00a0 T\u00e9moignage (exemple \u00e9tude de cas,etc)\u00a0;<br \/>\n\u2013\u00a0\u00a0\u00a0\u00a0\u00a0\u00a0\u00a0\u00a0\u00a0 Outils th\u00e9rapeutiques (fiches pratiques, th\u00e9rapie br\u00e8ve\/TCC, hypnoth\u00e9rapie etc)\u00a0;<br \/>\n\u2013\u00a0\u00a0\u00a0\u00a0\u00a0\u00a0\u00a0\u00a0\u00a0 Test (Bestherapie)<\/p>\n<p><strong>Objectifs &amp; description du programme\u00a0:<\/strong><\/p>\n<p>\u2013\u00a0\u00a0\u00a0\u00a0\u00a0\u00a0\u00a0\u00a0\u00a0 Comprendre le harc\u00e8lement \u00e0 l\u2019\u00e9cole ou par internet (d\u00e9finition, exemples),<br \/>\n\u2013\u00a0\u00a0\u00a0\u00a0\u00a0\u00a0\u00a0\u00a0\u00a0 Savoir reconnaitre \/ identifier ces formes\u00a0 (sympt\u00f4mes) : physiques, psychologiques etc\u00a0;<br \/>\n\u2013\u00a0\u00a0\u00a0\u00a0\u00a0\u00a0\u00a0\u00a0\u00a0 Comprendre le profil du harceleur et celui de la personne harcel\u00e9e (gestion d\u2019\u00e9motions, croyances (estime de soi etc)\u00a0;<br \/>\n\u2013\u00a0\u00a0\u00a0\u00a0\u00a0\u00a0\u00a0\u00a0\u00a0 Cons\u00e9quences du harc\u00e8lement \u00e0 long terme pour la personne harcel\u00e9e (sur les plans: psychologique, social \u2013 faible estime de soi, maladies, suicide, etc)<br \/>\n\u2013\u00a0\u00a0\u00a0\u00a0\u00a0\u00a0\u00a0\u00a0\u00a0\u00a0<strong>Solutions (aider les ados concr\u00e8tement\u00a0: Comment r\u00e9agir\u00a0face au harc\u00e8lement de son enfant\/ado\u00a0?)<\/strong><\/p>\n<p><strong>Conclusion\/ Q&amp;R\u00a0;<\/strong><\/p>\n<p><strong>Note\u00a0:\u00a0<\/strong>Les conf\u00e9rences &amp; les ateliers Bestherapie sont r\u00e9alis\u00e9s en totalit\u00e9 par Bestherapie (contenu, informations etc)\u00a0; les brochures et le mat\u00e9riel (fiches, exercices pratiques, mindfulness, visualisation, hypnose th\u00e9rapeutique etc) et les ressources sont disponibles pendant les conf\u00e9rences, pendant les ateliers Bestherapie et sur demande. Pour plus de d\u00e9tails, veuillez consulter la page\u00a0<strong>Mentions l\u00e9gales<\/strong>\u00a0(droits d\u2019auteur) ou contacter Roxana Chobriat\u00a0<a title=\"contact\" href=\"http:\/\/bestherapie.com\/contact-2\/\"><strong>ici<\/strong><\/a><\/p>\n","protected":false},"excerpt":{"rendered":"<p>Dates:\u00a0pour conna\u00eetre les dates de cette conf\u00e9rence, merci de consulter cette\u00a0page. Dur\u00e9e\u00a0: 1h.15 \u2013 1h.30\u00a0 \u00a0 \u00a0 \u00a0 Prix\u00a0:\u00a025 euros\u00a0\/participant Public concern\u00e9:\u00a0parents des ados, adultes, enseignants, personnes qui travaillent (m\u00eame b\u00e9n\u00e9volement) avec les ados et qui rencontrent ces probl\u00e8mes, ados, familles recompos\u00e9es etc. Outils et m\u00e9thodes\u00a0: \u2013\u00a0\u00a0\u00a0\u00a0\u00a0\u00a0\u00a0\u00a0\u00a0 Pr\u00e9sentation power point\u00a0; \u2013\u00a0\u00a0\u00a0\u00a0\u00a0\u00a0\u00a0\u00a0\u00a0 T\u00e9moignage (exemple \u00e9tude de [&hellip;]<\/p>\n","protected":false},"author":1001003,"featured_media":0,"parent":0,"menu_order":0,"comment_status":"closed","ping_status":"closed","template":"","meta":{"_et_pb_use_builder":"","_et_pb_old_content":"","_et_gb_content_width":"","footnotes":""},"class_list":["post-943","page","type-page","status-publish","hentry"],"aioseo_notices":[],"_links":{"self":[{"href":"https:\/\/bestherapie.com\/en\/wp-json\/wp\/v2\/pages\/943","targetHints":{"allow":["GET"]}}],"collection":[{"href":"https:\/\/bestherapie.com\/en\/wp-json\/wp\/v2\/pages"}],"about":[{"href":"https:\/\/bestherapie.com\/en\/wp-json\/wp\/v2\/types\/page"}],"author":[{"embeddable":true,"href":"https:\/\/bestherapie.com\/en\/wp-json\/wp\/v2\/users\/1001003"}],"replies":[{"embeddable":true,"href":"https:\/\/bestherapie.com\/en\/wp-json\/wp\/v2\/comments?post=943"}],"version-history":[{"count":5,"href":"https:\/\/bestherapie.com\/en\/wp-json\/wp\/v2\/pages\/943\/revisions"}],"predecessor-version":[{"id":3274,"href":"https:\/\/bestherapie.com\/en\/wp-json\/wp\/v2\/pages\/943\/revisions\/3274"}],"wp:attachment":[{"href":"https:\/\/bestherapie.com\/en\/wp-json\/wp\/v2\/media?parent=943"}],"curies":[{"name":"wp","href":"https:\/\/api.w.org\/{rel}","templated":true}]}}